{"id":2682,"date":"2023-09-25T14:24:56","date_gmt":"2023-09-25T14:24:56","guid":{"rendered":"https:\/\/projecttobe.com\/?page_id=2682"},"modified":"2023-09-25T14:41:22","modified_gmt":"2023-09-25T14:41:22","slug":"rute-casteleira","status":"publish","type":"page","link":"https:\/\/projecttobe.com\/en\/our-team\/rute-casteleira\/","title":{"rendered":"Rute Casteleira"},"content":{"rendered":"<p>[et_pb_section fb_built=&#8221;1&#8243; admin_label=&#8221;Title section&#8221; _builder_version=&#8221;4.19.0&#8243; background_color=&#8221;#FFFFFF&#8221; custom_margin=&#8221;||||false|false&#8221; custom_margin_tablet=&#8221;&#8221; custom_margin_phone=&#8221;0px|0px|0px|0px&#8221; custom_margin_last_edited=&#8221;on|desktop&#8221; custom_padding=&#8221;160px||10px||false|false&#8221; collapsed=&#8221;off&#8221; global_colors_info=&#8221;{}&#8221;][et_pb_row column_structure=&#8221;2_5,3_5&#8243; _builder_version=&#8221;4.16&#8243; _module_preset=&#8221;default&#8221; global_colors_info=&#8221;{}&#8221;][et_pb_column type=&#8221;2_5&#8243; _builder_version=&#8221;4.16&#8243; _module_preset=&#8221;default&#8221; global_colors_info=&#8221;{}&#8221;][et_pb_image src=&#8221;https:\/\/projecttobe.com\/wp-content\/uploads\/2023\/09\/rute-casteleira-round.png&#8221; title_text=&#8221;rute-casteleira-round&#8221; src_tablet=&#8221;https:\/\/novo.colegiodafonte.pt\/wp-content\/uploads\/2022\/01\/staff-beoura-600px-luis-nbg.png&#8221; src_phone=&#8221;https:\/\/novo.colegiodafonte.pt\/wp-content\/uploads\/2022\/01\/staff-beoura-600px-luis-nbg.png&#8221; src_last_edited=&#8221;on|desktop&#8221; module_class=&#8221;profile-pic&#8221; _builder_version=&#8221;4.22.2&#8243; _module_preset=&#8221;default&#8221; hover_enabled=&#8221;0&#8243; global_colors_info=&#8221;{}&#8221; sticky_enabled=&#8221;0&#8243;][\/et_pb_image][\/et_pb_column][et_pb_column type=&#8221;3_5&#8243; _builder_version=&#8221;4.16&#8243; _module_preset=&#8221;default&#8221; global_colors_info=&#8221;{}&#8221;][et_pb_text admin_label=&#8221;person name&#8221; _builder_version=&#8221;4.22.2&#8243; text_font=&#8221;||||||||&#8221; header_font=&#8221;||||||||&#8221; header_2_font=&#8221;Bungee|||on|||||&#8221; header_2_text_align=&#8221;left&#8221; header_2_font_size=&#8221;30px&#8221; header_2_letter_spacing=&#8221;4px&#8221; module_alignment=&#8221;center&#8221; custom_margin=&#8221;||0px||false|false&#8221; custom_padding=&#8221;||||false|false&#8221; animation_style=&#8221;fade&#8221; hover_enabled=&#8221;0&#8243; global_colors_info=&#8221;{}&#8221; sticky_enabled=&#8221;0&#8243;]<\/p>\n<h2>Rute Casteleira<\/h2>\n<p>[\/et_pb_text][et_pb_text admin_label=&#8221;Job title&#8221; _builder_version=&#8221;4.22.2&#8243; _module_preset=&#8221;default&#8221; text_font=&#8221;|||on|||||&#8221; text_text_color=&#8221;#68665f&#8221; text_font_size=&#8221;14px&#8221; text_line_height=&#8221;1.9em&#8221; custom_margin=&#8221;5px||||false|false&#8221; custom_padding=&#8221;0px||||false|false&#8221; hover_enabled=&#8221;0&#8243; global_colors_info=&#8221;{}&#8221; sticky_enabled=&#8221;0&#8243;]<\/p>\n<p>Social Impact Coordinator<\/p>\n<p>[\/et_pb_text][et_pb_icon font_icon=&#8221;&#xf0e0;||fa||400&#8243; icon_color=&#8221;#000000&#8243; icon_width=&#8221;20px&#8221; url=&#8221;mailto:rute.casteleira@colegioquadrante.pt&#8221; url_new_window=&#8221;on&#8221; admin_label=&#8221;Email&#8221; _builder_version=&#8221;4.22.2&#8243; _module_preset=&#8221;default&#8221; hover_enabled=&#8221;0&#8243; custom_css_main_element=&#8221;display: inline-block;&#8221; global_colors_info=&#8221;{}&#8221; icon_color__hover_enabled=&#8221;on|hover&#8221; icon_color__hover=&#8221;#C62120&#8243; sticky_enabled=&#8221;0&#8243;][\/et_pb_icon][et_pb_icon font_icon=&#8221;&#xf0e1;||fa||400&#8243; icon_color=&#8221;#000000&#8243; icon_width=&#8221;20px&#8221; url=&#8221;https:\/\/www.linkedin.com\/in\/jdstoffel\/&#8221; url_new_window=&#8221;on&#8221; admin_label=&#8221;LinkedIn&#8221; _builder_version=&#8221;4.22.2&#8243; _module_preset=&#8221;default&#8221; hover_enabled=&#8221;0&#8243; custom_css_main_element=&#8221;display: inline-block;||margin-left: 20px;&#8221; global_colors_info=&#8221;{}&#8221; icon_color__hover_enabled=&#8221;on|hover&#8221; icon_color__hover=&#8221;#C62120&#8243; disabled_on=&#8221;on|on|on&#8221; disabled=&#8221;on&#8221; sticky_enabled=&#8221;0&#8243;][\/et_pb_icon][et_pb_text admin_label=&#8221;Job description&#8221; _builder_version=&#8221;4.22.2&#8243; text_font=&#8221;||||||||&#8221; text_text_color=&#8221;#282828&#8243; header_font=&#8221;||||||||&#8221; header_text_align=&#8221;left&#8221; header_text_color=&#8221;#282828&#8243; header_2_font=&#8221;Bungee|||on|||||&#8221; header_2_text_align=&#8221;left&#8221; header_2_text_color=&#8221;#282828&#8243; header_2_font_size=&#8221;30px&#8221; header_2_letter_spacing=&#8221;1px&#8221; header_2_line_height=&#8221;1.9rem&#8221; header_3_font=&#8221;Bungee||||||||&#8221; header_3_text_color=&#8221;#282828&#8243; header_3_font_size=&#8221;20px&#8221; header_5_font=&#8221;|||on|||||&#8221; header_5_text_align=&#8221;left&#8221; header_5_text_color=&#8221;#000000&#8243; header_5_font_size=&#8221;14px&#8221; width=&#8221;80%&#8221; width_tablet=&#8221;80%&#8221; width_phone=&#8221;90%&#8221; width_last_edited=&#8221;on|phone&#8221; module_alignment=&#8221;left&#8221; custom_margin=&#8221;30px||10px||false|false&#8221; custom_padding=&#8221;||||false|false&#8221; animation_style=&#8221;fade&#8221; hover_enabled=&#8221;0&#8243; global_colors_info=&#8221;{}&#8221; sticky_enabled=&#8221;0&#8243;]<\/p>\n<h3>Role in Project To Be<\/h3>\n<p>Arts teacher in Col\u00e9gio Quadrante and in Col\u00e9gio da Fonte.<\/p>\n<p>Arts and ICT Teacher in Col\u00e9gio Quadrante.<\/p>\n<p>Coordinator of the initiatives of the Social Impact Team of Project To Be at Col\u00e9gio Quadrante.[\/et_pb_text][et_pb_text admin_label=&#8221;Curriculum&#8221; _builder_version=&#8221;4.22.2&#8243; text_font=&#8221;||||||||&#8221; text_text_color=&#8221;#282828&#8243; header_font=&#8221;||||||||&#8221; header_text_align=&#8221;left&#8221; header_text_color=&#8221;#282828&#8243; header_2_font=&#8221;Bungee|||on|||||&#8221; header_2_text_align=&#8221;left&#8221; header_2_text_color=&#8221;#282828&#8243; header_2_font_size=&#8221;30px&#8221; header_2_letter_spacing=&#8221;1px&#8221; header_2_line_height=&#8221;1.9rem&#8221; header_3_font=&#8221;Bungee||||||||&#8221; header_3_text_color=&#8221;#282828&#8243; header_3_font_size=&#8221;20px&#8221; header_5_font=&#8221;|||on|||||&#8221; header_5_text_align=&#8221;left&#8221; header_5_text_color=&#8221;#000000&#8243; header_5_font_size=&#8221;14px&#8221; width=&#8221;80%&#8221; width_tablet=&#8221;80%&#8221; width_phone=&#8221;90%&#8221; width_last_edited=&#8221;on|phone&#8221; module_alignment=&#8221;left&#8221; custom_margin=&#8221;30px||10px||false|false&#8221; custom_padding=&#8221;||||false|false&#8221; animation_style=&#8221;fade&#8221; hover_enabled=&#8221;0&#8243; global_colors_info=&#8221;{}&#8221; sticky_enabled=&#8221;0&#8243;]<\/p>\n<h3>Curriculum<\/h3>\n<p>Graduated in Graphic and Communication Design from Universidade Lus\u00f3fona de Humanidades e Tecnologias, she has been working as a designer since 1996, having carried out several jobs in this area, in the organisation and assembly of exhibitions, competitions and graphic projects.<\/p>\n<p>Years later, she graduated in Basic Education at Escola Superior de Educa\u00e7\u00e3o Almeida Garrett, with a master\u2019s degree in Pre-School Education, at Escola Superior de Educa\u00e7\u00e3o Jo\u00e3o de Deus, which let her to link the arts to pedagogy.<\/p>\n<p>Since 2012, she has been part of the Col\u00e9gio Europa team as an Arts teacher and later also of Visual and Technological Education, an experience that has allowed her to understand the importance of visual arts and creative activities in the integral development of the child.<\/p>\n<p>She was a Visual Arts Co-ordenator in the \u201cprojeto Guiar-te\u201d at Escola B\u00e1sica Fernando Jos\u00e9 dos Santos belonging to the Ibn Mucana group from 2016 to 2020.<\/p>\n<p>In 2022, she joined the Col\u00e9gio da Fonte team as an Arts Teacher and took on the coordination of Project To Be\u2019s Social Impact initiatives at Col\u00e9gio Europa.[\/et_pb_text][et_pb_text admin_label=&#8221;Personal note&#8221; _builder_version=&#8221;4.22.2&#8243; text_font=&#8221;||||||||&#8221; text_text_color=&#8221;#282828&#8243; header_font=&#8221;||||||||&#8221; header_text_align=&#8221;left&#8221; header_text_color=&#8221;#282828&#8243; header_2_font=&#8221;Bungee|||on|||||&#8221; header_2_text_align=&#8221;left&#8221; header_2_text_color=&#8221;#282828&#8243; header_2_font_size=&#8221;30px&#8221; header_2_letter_spacing=&#8221;1px&#8221; header_2_line_height=&#8221;1.9rem&#8221; header_3_font=&#8221;Bungee||||||||&#8221; header_3_text_color=&#8221;#282828&#8243; header_3_font_size=&#8221;20px&#8221; header_5_font=&#8221;|||on|||||&#8221; header_5_text_align=&#8221;left&#8221; header_5_text_color=&#8221;#000000&#8243; header_5_font_size=&#8221;14px&#8221; width=&#8221;80%&#8221; width_tablet=&#8221;80%&#8221; width_phone=&#8221;90%&#8221; width_last_edited=&#8221;on|phone&#8221; module_alignment=&#8221;left&#8221; custom_margin=&#8221;30px||40px||false|false&#8221; custom_padding=&#8221;||||false|false&#8221; animation_style=&#8221;fade&#8221; hover_enabled=&#8221;0&#8243; global_colors_info=&#8221;{}&#8221; sticky_enabled=&#8221;0&#8243;]<\/p>\n<h3>Personal Note<\/h3>\n<p>Mother of three boys, who are her life\u00b4s pillars. It\u00b4s in them that she finds motivation, enthusiasm, and inspiration.<\/p>\n<p>Friendly and communicative by nature, she likes to travel, discover new places and cultures that enrich her both personally and professionally.<\/p>\n<p>Arts are a constant in her life. She loves visiting museums, exhibitions and having contact with different artistic expressions, which allow her to explore and experience new perspectives and points of view.[\/et_pb_text][\/et_pb_column][\/et_pb_row][\/et_pb_section]<\/p>\n","protected":false},"excerpt":{"rendered":"<p>Rute CasteleiraSocial Impact CoordinatorRole in Project To Be Arts teacher in Col\u00e9gio Quadrante and in Col\u00e9gio da Fonte. Arts and ICT Teacher in Col\u00e9gio Quadrante. Coordinator of the initiatives of the Social Impact Team of Project To Be at Col\u00e9gio Quadrante.Curriculum Graduated in Graphic and Communication Design from Universidade Lus\u00f3fona de Humanidades e Tecnologias, she [&hellip;]<\/p>\n","protected":false},"author":2,"featured_media":0,"parent":2073,"menu_order":0,"comment_status":"closed","ping_status":"closed","template":"","meta":{"_acf_changed":false,"_et_pb_use_builder":"on","_et_pb_old_content":"","_et_gb_content_width":"","footnotes":""},"class_list":["post-2682","page","type-page","status-publish","hentry"],"acf":[],"yoast_head":"<!-- This site is optimized with the Yoast SEO plugin v26.8 - https:\/\/yoast.com\/product\/yoast-seo-wordpress\/ -->\n<title>Rute Casteleira - Project To Be<\/title>\n<meta name=\"robots\" content=\"index, follow, max-snippet:-1, max-image-preview:large, max-video-preview:-1\" \/>\n<link rel=\"canonical\" href=\"https:\/\/projecttobe.com\/en\/our-team\/rute-casteleira\/\" \/>\n<meta property=\"og:locale\" content=\"en_US\" \/>\n<meta property=\"og:type\" content=\"article\" \/>\n<meta property=\"og:title\" content=\"Rute Casteleira - Project To Be\" \/>\n<meta property=\"og:description\" content=\"Rute CasteleiraSocial Impact CoordinatorRole in Project To Be Arts teacher in Col\u00e9gio Quadrante and in Col\u00e9gio da Fonte. Arts and ICT Teacher in Col\u00e9gio Quadrante. Coordinator of the initiatives of the Social Impact Team of Project To Be at Col\u00e9gio Quadrante.Curriculum Graduated in Graphic and Communication Design from Universidade Lus\u00f3fona de Humanidades e Tecnologias, she [&hellip;]\" \/>\n<meta property=\"og:site_name\" content=\"Project To Be\" \/>\n<meta property=\"article:publisher\" content=\"https:\/\/www.facebook.com\/ProjectToBe\/?locale=pt_PT\" \/>\n<meta property=\"article:modified_time\" content=\"2023-09-25T14:41:22+00:00\" \/>\n<meta name=\"twitter:card\" content=\"summary_large_image\" \/>\n<meta name=\"twitter:label1\" content=\"Est. reading time\" \/>\n\t<meta name=\"twitter:data1\" content=\"5 minutes\" \/>\n<script type=\"application\/ld+json\" class=\"yoast-schema-graph\">{\"@context\":\"https:\/\/schema.org\",\"@graph\":[{\"@type\":\"WebPage\",\"@id\":\"https:\/\/projecttobe.com\/en\/our-team\/rute-casteleira\/\",\"url\":\"https:\/\/projecttobe.com\/en\/our-team\/rute-casteleira\/\",\"name\":\"Rute Casteleira - Project To Be\",\"isPartOf\":{\"@id\":\"https:\/\/projecttobe.com\/#website\"},\"datePublished\":\"2023-09-25T14:24:56+00:00\",\"dateModified\":\"2023-09-25T14:41:22+00:00\",\"breadcrumb\":{\"@id\":\"https:\/\/projecttobe.com\/en\/our-team\/rute-casteleira\/#breadcrumb\"},\"inLanguage\":\"en-US\",\"potentialAction\":[{\"@type\":\"ReadAction\",\"target\":[\"https:\/\/projecttobe.com\/en\/our-team\/rute-casteleira\/\"]}]},{\"@type\":\"BreadcrumbList\",\"@id\":\"https:\/\/projecttobe.com\/en\/our-team\/rute-casteleira\/#breadcrumb\",\"itemListElement\":[{\"@type\":\"ListItem\",\"position\":1,\"name\":\"In\u00edcio\",\"item\":\"https:\/\/projecttobe.com\/en\/home-2\/\"},{\"@type\":\"ListItem\",\"position\":2,\"name\":\"To Be Team\",\"item\":\"https:\/\/projecttobe.com\/en\/our-team\/\"},{\"@type\":\"ListItem\",\"position\":3,\"name\":\"Rute Casteleira\"}]},{\"@type\":\"WebSite\",\"@id\":\"https:\/\/projecttobe.com\/#website\",\"url\":\"https:\/\/projecttobe.com\/\",\"name\":\"Project To Be\",\"description\":\"Grow for the World\",\"publisher\":{\"@id\":\"https:\/\/projecttobe.com\/#organization\"},\"potentialAction\":[{\"@type\":\"SearchAction\",\"target\":{\"@type\":\"EntryPoint\",\"urlTemplate\":\"https:\/\/projecttobe.com\/?s={search_term_string}\"},\"query-input\":{\"@type\":\"PropertyValueSpecification\",\"valueRequired\":true,\"valueName\":\"search_term_string\"}}],\"inLanguage\":\"en-US\"},{\"@type\":\"Organization\",\"@id\":\"https:\/\/projecttobe.com\/#organization\",\"name\":\"Project To Be\",\"url\":\"https:\/\/projecttobe.com\/\",\"logo\":{\"@type\":\"ImageObject\",\"inLanguage\":\"en-US\",\"@id\":\"https:\/\/projecttobe.com\/#\/schema\/logo\/image\/\",\"url\":\"https:\/\/projecttobe.com\/wp-content\/uploads\/2022\/09\/ProjectToBe_Logo.svg\",\"contentUrl\":\"https:\/\/projecttobe.com\/wp-content\/uploads\/2022\/09\/ProjectToBe_Logo.svg\",\"width\":237,\"height\":150,\"caption\":\"Project To Be\"},\"image\":{\"@id\":\"https:\/\/projecttobe.com\/#\/schema\/logo\/image\/\"},\"sameAs\":[\"https:\/\/www.facebook.com\/ProjectToBe\/?locale=pt_PT\",\"https:\/\/www.instagram.com\/project_to_be\/\"]}]}<\/script>\n<!-- \/ Yoast SEO plugin. -->","yoast_head_json":{"title":"Rute Casteleira - Project To Be","robots":{"index":"index","follow":"follow","max-snippet":"max-snippet:-1","max-image-preview":"max-image-preview:large","max-video-preview":"max-video-preview:-1"},"canonical":"https:\/\/projecttobe.com\/en\/our-team\/rute-casteleira\/","og_locale":"en_US","og_type":"article","og_title":"Rute Casteleira - Project To Be","og_description":"Rute CasteleiraSocial Impact CoordinatorRole in Project To Be Arts teacher in Col\u00e9gio Quadrante and in Col\u00e9gio da Fonte. Arts and ICT Teacher in Col\u00e9gio Quadrante. Coordinator of the initiatives of the Social Impact Team of Project To Be at Col\u00e9gio Quadrante.Curriculum Graduated in Graphic and Communication Design from Universidade Lus\u00f3fona de Humanidades e Tecnologias, she [&hellip;]","og_site_name":"Project To Be","article_publisher":"https:\/\/www.facebook.com\/ProjectToBe\/?locale=pt_PT","article_modified_time":"2023-09-25T14:41:22+00:00","twitter_card":"summary_large_image","twitter_misc":{"Est. reading time":"5 minutes"},"schema":{"@context":"https:\/\/schema.org","@graph":[{"@type":"WebPage","@id":"https:\/\/projecttobe.com\/en\/our-team\/rute-casteleira\/","url":"https:\/\/projecttobe.com\/en\/our-team\/rute-casteleira\/","name":"Rute Casteleira - Project To Be","isPartOf":{"@id":"https:\/\/projecttobe.com\/#website"},"datePublished":"2023-09-25T14:24:56+00:00","dateModified":"2023-09-25T14:41:22+00:00","breadcrumb":{"@id":"https:\/\/projecttobe.com\/en\/our-team\/rute-casteleira\/#breadcrumb"},"inLanguage":"en-US","potentialAction":[{"@type":"ReadAction","target":["https:\/\/projecttobe.com\/en\/our-team\/rute-casteleira\/"]}]},{"@type":"BreadcrumbList","@id":"https:\/\/projecttobe.com\/en\/our-team\/rute-casteleira\/#breadcrumb","itemListElement":[{"@type":"ListItem","position":1,"name":"In\u00edcio","item":"https:\/\/projecttobe.com\/en\/home-2\/"},{"@type":"ListItem","position":2,"name":"To Be Team","item":"https:\/\/projecttobe.com\/en\/our-team\/"},{"@type":"ListItem","position":3,"name":"Rute Casteleira"}]},{"@type":"WebSite","@id":"https:\/\/projecttobe.com\/#website","url":"https:\/\/projecttobe.com\/","name":"Project To Be","description":"Grow for the World","publisher":{"@id":"https:\/\/projecttobe.com\/#organization"},"potentialAction":[{"@type":"SearchAction","target":{"@type":"EntryPoint","urlTemplate":"https:\/\/projecttobe.com\/?s={search_term_string}"},"query-input":{"@type":"PropertyValueSpecification","valueRequired":true,"valueName":"search_term_string"}}],"inLanguage":"en-US"},{"@type":"Organization","@id":"https:\/\/projecttobe.com\/#organization","name":"Project To Be","url":"https:\/\/projecttobe.com\/","logo":{"@type":"ImageObject","inLanguage":"en-US","@id":"https:\/\/projecttobe.com\/#\/schema\/logo\/image\/","url":"https:\/\/projecttobe.com\/wp-content\/uploads\/2022\/09\/ProjectToBe_Logo.svg","contentUrl":"https:\/\/projecttobe.com\/wp-content\/uploads\/2022\/09\/ProjectToBe_Logo.svg","width":237,"height":150,"caption":"Project To Be"},"image":{"@id":"https:\/\/projecttobe.com\/#\/schema\/logo\/image\/"},"sameAs":["https:\/\/www.facebook.com\/ProjectToBe\/?locale=pt_PT","https:\/\/www.instagram.com\/project_to_be\/"]}]}},"_links":{"self":[{"href":"https:\/\/projecttobe.com\/en\/wp-json\/wp\/v2\/pages\/2682","targetHints":{"allow":["GET"]}}],"collection":[{"href":"https:\/\/projecttobe.com\/en\/wp-json\/wp\/v2\/pages"}],"about":[{"href":"https:\/\/projecttobe.com\/en\/wp-json\/wp\/v2\/types\/page"}],"author":[{"embeddable":true,"href":"https:\/\/projecttobe.com\/en\/wp-json\/wp\/v2\/users\/2"}],"replies":[{"embeddable":true,"href":"https:\/\/projecttobe.com\/en\/wp-json\/wp\/v2\/comments?post=2682"}],"version-history":[{"count":5,"href":"https:\/\/projecttobe.com\/en\/wp-json\/wp\/v2\/pages\/2682\/revisions"}],"predecessor-version":[{"id":2695,"href":"https:\/\/projecttobe.com\/en\/wp-json\/wp\/v2\/pages\/2682\/revisions\/2695"}],"up":[{"embeddable":true,"href":"https:\/\/projecttobe.com\/en\/wp-json\/wp\/v2\/pages\/2073"}],"wp:attachment":[{"href":"https:\/\/projecttobe.com\/en\/wp-json\/wp\/v2\/media?parent=2682"}],"curies":[{"name":"wp","href":"https:\/\/api.w.org\/{rel}","templated":true}]}}