{"id":2148,"date":"2022-11-10T16:02:50","date_gmt":"2022-11-10T16:02:50","guid":{"rendered":"https:\/\/projecttobe.com\/our-schools\/colegio-da-fonte\/"},"modified":"2025-11-27T11:45:47","modified_gmt":"2025-11-27T11:45:47","slug":"colegio-da-fonte","status":"publish","type":"page","link":"https:\/\/projecttobe.com\/en\/our-schools\/colegio-da-fonte\/","title":{"rendered":"Col\u00e9gio da Fonte"},"content":{"rendered":"<p>[et_pb_section fb_built=&#8221;1&#8243; admin_label=&#8221;Inner Hero&#8221; _builder_version=&#8221;4.27.4&#8243; _module_preset=&#8221;default&#8221; use_background_color_gradient=&#8221;on&#8221; background_color_gradient_direction=&#8221;90deg&#8221; background_color_gradient_stops=&#8221;rgba(0,0,0,0.15) 0%|rgba(0,0,0,0.23) 100%&#8221; background_color_gradient_overlays_image=&#8221;on&#8221; background_image=&#8221;https:\/\/projecttobe.com\/wp-content\/uploads\/2025\/03\/home-banner_0001_Fonte.png&#8221; min_height=&#8221;70vh&#8221; min_height_tablet=&#8221;70vh&#8221; min_height_phone=&#8221;50vh&#8221; min_height_last_edited=&#8221;on|phone&#8221; custom_padding=&#8221;||10vh||false|false&#8221; global_colors_info=&#8221;{}&#8221;][et_pb_row _builder_version=&#8221;4.18.0&#8243; _module_preset=&#8221;default&#8221; global_colors_info=&#8221;{}&#8221;][et_pb_column type=&#8221;4_4&#8243; _builder_version=&#8221;4.18.0&#8243; _module_preset=&#8221;default&#8221; global_colors_info=&#8221;{}&#8221;][\/et_pb_column][\/et_pb_row][\/et_pb_section][et_pb_section fb_built=&#8221;1&#8243; admin_label=&#8221;Section title&#8221; module_id=&#8221;section-1&#8243; _builder_version=&#8221;4.18.0&#8243; _module_preset=&#8221;default&#8221; custom_padding=&#8221;30px||30px||false|false&#8221; global_colors_info=&#8221;{}&#8221;][et_pb_row custom_padding_last_edited=&#8221;on|desktop&#8221; _builder_version=&#8221;4.19.0&#8243; _module_preset=&#8221;default&#8221; custom_padding=&#8221;|10%|10px|10%|false|false&#8221; custom_padding_tablet=&#8221;|6%||7%|false|false&#8221; custom_padding_phone=&#8221;|5%||5%|false|false&#8221; global_colors_info=&#8221;{}&#8221;][et_pb_column type=&#8221;4_4&#8243; _builder_version=&#8221;4.18.0&#8243; _module_preset=&#8221;default&#8221; global_colors_info=&#8221;{}&#8221;][et_pb_text admin_label=&#8221;Title &#038; subtitle left align&#8221; _builder_version=&#8221;4.19.0&#8243; _module_preset=&#8221;default&#8221; header_text_align=&#8221;center&#8221; header_2_font=&#8221;|||on|||||&#8221; header_2_text_align=&#8221;center&#8221; header_2_text_color=&#8221;#061523&#8243; header_2_font_size=&#8221;30px&#8221; header_3_font=&#8221;Heebo|700||on|||||&#8221; header_3_text_align=&#8221;center&#8221; header_3_text_color=&#8221;#061523&#8243; header_3_font_size=&#8221;14px&#8221; custom_margin=&#8221;||||false|false&#8221; header_2_text_color_tablet=&#8221;#061523&#8243; header_2_text_color_phone=&#8221;#061523&#8243; header_2_text_color_last_edited=&#8221;on|phone&#8221; header_2_font_size_tablet=&#8221;30px&#8221; header_2_font_size_phone=&#8221;26px&#8221; header_2_font_size_last_edited=&#8221;on|desktop&#8221; global_colors_info=&#8221;{}&#8221;]<\/p>\n<h3>Col\u00e9gio da Fonte &#8211; Emotion School<\/h3>\n<h2>WE ARE MOTIVATED TO<br \/>\nBUILD A BETTER WORLD<\/h2>\n<p>[\/et_pb_text][et_pb_text _builder_version=&#8221;4.19.0&#8243; _module_preset=&#8221;default&#8221; header_text_align=&#8221;center&#8221; header_2_text_align=&#8221;center&#8221; header_3_text_align=&#8221;center&#8221; text_orientation=&#8221;center&#8221; custom_padding=&#8221;||||false|false&#8221; custom_padding_tablet=&#8221;||||false|false&#8221; custom_padding_phone=&#8221;||||false|false&#8221; custom_padding_last_edited=&#8221;on|desktop&#8221; global_colors_info=&#8221;{}&#8221;]Col\u00e9gio da Fonte is situated in Porto Salvo, Oeiras. Its educational offer comprises children from Nursery to Primary School. <\/p>\n<p>It educates empathic, resilient and entrepreneurial children. It teaches conscientious and active citizens, with global skills to better adapt to the demands of a world in constant change.[\/et_pb_text][\/et_pb_column][\/et_pb_row][et_pb_row column_structure=&#8221;1_2,1_2&#8243; use_custom_gutter=&#8221;on&#8221; gutter_width=&#8221;2&#8243; _builder_version=&#8221;4.19.0&#8243; _module_preset=&#8221;default&#8221; custom_padding=&#8221;0px||||false|false&#8221; global_colors_info=&#8221;{}&#8221;][et_pb_column type=&#8221;1_2&#8243; _builder_version=&#8221;4.19.0&#8243; _module_preset=&#8221;default&#8221; global_colors_info=&#8221;{}&#8221;][et_pb_button button_url=&#8221;@ET-DC@eyJkeW5hbWljIjp0cnVlLCJjb250ZW50IjoicG9zdF9saW5rX3VybF9wYWdlIiwic2V0dGluZ3MiOnsicG9zdF9pZCI6IjE0MDIifX0=@&#8221; button_text=&#8221;Pre-enrollments&#8221; button_alignment=&#8221;right&#8221; button_alignment_tablet=&#8221;right&#8221; button_alignment_phone=&#8221;center&#8221; button_alignment_last_edited=&#8221;on|desktop&#8221; _builder_version=&#8221;4.19.0&#8243; _dynamic_attributes=&#8221;button_url&#8221; _module_preset=&#8221;default&#8221; custom_button=&#8221;on&#8221; button_text_size=&#8221;14px&#8221; button_text_color=&#8221;#FFFFFF&#8221; button_bg_color=&#8221;#C62120&#8243; button_border_color=&#8221;#C62120&#8243; button_border_radius=&#8221;5px&#8221; button_font=&#8221;|800|||||||&#8221; button_use_icon=&#8221;off&#8221; custom_margin=&#8221;15px||||false|false&#8221; custom_padding=&#8221;10px||10px||false|false&#8221; custom_css_main_element=&#8221;display: inline-block;&#8221; global_colors_info=&#8221;{}&#8221; button_bg_color__hover_enabled=&#8221;on|hover&#8221; button_bg_color__hover=&#8221;#e02323&#8243; button_bg_enable_color__hover=&#8221;on&#8221; button_border_color__hover_enabled=&#8221;on|hover&#8221; button_border_color__hover=&#8221;#e02323&#8243;][\/et_pb_button][\/et_pb_column][et_pb_column type=&#8221;1_2&#8243; _builder_version=&#8221;4.19.0&#8243; _module_preset=&#8221;default&#8221; global_colors_info=&#8221;{}&#8221;][et_pb_button button_url=&#8221;https:\/\/colegiodafonte.pt\/?lang=en&#8221; url_new_window=&#8221;on&#8221; button_text=&#8221;Visit website&#8221; button_alignment=&#8221;left&#8221; button_alignment_tablet=&#8221;left&#8221; button_alignment_phone=&#8221;center&#8221; button_alignment_last_edited=&#8221;on|phone&#8221; _builder_version=&#8221;4.19.0&#8243; _module_preset=&#8221;default&#8221; custom_button=&#8221;on&#8221; button_text_size=&#8221;14px&#8221; button_text_color=&#8221;#C62120&#8243; button_bg_color=&#8221;#FFFFFF&#8221; button_border_color=&#8221;#C62120&#8243; button_border_radius=&#8221;5px&#8221; button_font=&#8221;|800|||||||&#8221; button_use_icon=&#8221;off&#8221; custom_margin=&#8221;15px||||false|false&#8221; custom_margin_tablet=&#8221;15px||||false|false&#8221; custom_margin_phone=&#8221;-10px||||false|false&#8221; custom_margin_last_edited=&#8221;on|phone&#8221; custom_padding=&#8221;10px||10px||false|false&#8221; custom_css_main_element=&#8221;display: inline-block;&#8221; global_colors_info=&#8221;{}&#8221; button_bg_color__hover_enabled=&#8221;on|hover&#8221; button_bg_color__hover=&#8221;#C62120&#8243; button_bg_enable_color__hover=&#8221;on&#8221; button_border_color__hover_enabled=&#8221;on|hover&#8221; button_border_color__hover=&#8221;#e02323&#8243; button_text_color__hover_enabled=&#8221;on|hover&#8221; button_text_color__hover=&#8221;#FFFFFF&#8221;][\/et_pb_button][\/et_pb_column][\/et_pb_row][et_pb_row column_structure=&#8221;1_2,1_2&#8243; use_custom_gutter=&#8221;on&#8221; gutter_width=&#8221;4&#8243; _builder_version=&#8221;4.19.0&#8243; _module_preset=&#8221;default&#8221; custom_margin=&#8221;7vh||||false|false&#8221; custom_padding=&#8221;0vh|2%||3%|false|false&#8221; global_colors_info=&#8221;{}&#8221;][et_pb_column type=&#8221;1_2&#8243; _builder_version=&#8221;4.18.0&#8243; _module_preset=&#8221;default&#8221; global_colors_info=&#8221;{}&#8221;][et_pb_text admin_label=&#8221;Title &#038; copy centered&#8221; _builder_version=&#8221;4.19.0&#8243; _module_preset=&#8221;default&#8221; header_2_font=&#8221;|||on|||||&#8221; header_2_text_align=&#8221;center&#8221; header_2_text_color=&#8221;#061523&#8243; header_2_font_size=&#8221;30px&#8221; header_3_font=&#8221;Heebo|700||on|||||&#8221; header_3_text_color=&#8221;#061523&#8243; header_3_font_size=&#8221;14px&#8221; header_4_font_size=&#8221;25px&#8221; custom_margin=&#8221;8vh||||false|false&#8221; custom_margin_tablet=&#8221;8vh||||false|false&#8221; custom_margin_phone=&#8221;2vh||||false|false&#8221; custom_margin_last_edited=&#8221;on|phone&#8221; global_colors_info=&#8221;{}&#8221;]<\/p>\n<h4>About the School<\/h4>\n<p>Col\u00e9gio da Fonte promotes an innovative and comprehensive education of its students and encourages the active participation of families. Its mission is, in a familiar and welcoming environment, to contribute to the education of children who are complete, fulfilled, guided by solid values and involved in building a better future. [\/et_pb_text][\/et_pb_column][et_pb_column type=&#8221;1_2&#8243; _builder_version=&#8221;4.18.0&#8243; _module_preset=&#8221;default&#8221; global_colors_info=&#8221;{}&#8221;][et_pb_image src=&#8221;https:\/\/projecttobe.com\/wp-content\/uploads\/2025\/03\/fonte-sobre.png&#8221; title_text=&#8221;source-about&#8221; _builder_version=&#8221;4.27.4&#8243; _module_preset=&#8221;default&#8221; global_colors_info=&#8221;{}&#8221;][\/et_pb_image][\/et_pb_column][\/et_pb_row][et_pb_row column_structure=&#8221;1_2,1_2&#8243; use_custom_gutter=&#8221;on&#8221; gutter_width=&#8221;4&#8243; _builder_version=&#8221;4.19.0&#8243; _module_preset=&#8221;default&#8221; custom_margin=&#8221;3vh||||false|false&#8221; custom_padding=&#8221;0px|3%||2%|false|false&#8221; custom_css_main_element=&#8221;display: flex;||flex-wrap: wrap;&#8221; global_colors_info=&#8221;{}&#8221;][et_pb_column type=&#8221;1_2&#8243; _builder_version=&#8221;4.19.0&#8243; _module_preset=&#8221;default&#8221; global_colors_info=&#8221;{}&#8221; custom_css_main_element_last_edited=&#8221;on|phone&#8221; custom_css_main_element_phone=&#8221;order: 2;&#8221;][et_pb_image src=&#8221;https:\/\/projecttobe.com\/wp-content\/uploads\/2022\/12\/highlight-590x725px_0013_C-FONTE-O-que-nos-distingue.jpg&#8221; title_text=&#8221;highlight-590x725px_0013_C FONTE O que nos distingue&#8221; _builder_version=&#8221;4.19.2&#8243; _module_preset=&#8221;default&#8221; custom_margin_tablet=&#8221;&#8221; custom_margin_phone=&#8221;5vh||||false|false&#8221; custom_margin_last_edited=&#8221;on|phone&#8221; global_colors_info=&#8221;{}&#8221;][\/et_pb_image][\/et_pb_column][et_pb_column type=&#8221;1_2&#8243; _builder_version=&#8221;4.19.0&#8243; _module_preset=&#8221;default&#8221; global_colors_info=&#8221;{}&#8221; custom_css_main_element_last_edited=&#8221;on|phone&#8221; custom_css_main_element_phone=&#8221;order: 1;&#8221;][et_pb_text admin_label=&#8221;Title &#038; copy centered&#8221; _builder_version=&#8221;4.19.0&#8243; _module_preset=&#8221;default&#8221; header_2_font=&#8221;|||on|||||&#8221; header_2_text_align=&#8221;center&#8221; header_2_text_color=&#8221;#061523&#8243; header_2_font_size=&#8221;30px&#8221; header_3_font=&#8221;Heebo|700||on|||||&#8221; header_3_text_color=&#8221;#061523&#8243; header_3_font_size=&#8221;14px&#8221; header_4_font_size=&#8221;25px&#8221; custom_margin=&#8221;8vh||||false|false&#8221; custom_margin_tablet=&#8221;8vh||||false|false&#8221; custom_margin_phone=&#8221;2vh||||false|false&#8221; custom_margin_last_edited=&#8221;on|phone&#8221; global_colors_info=&#8221;{}&#8221;]<\/p>\n<h4>What distinguishes us<\/h4>\n<p>Col\u00e9gio da Fonte believes that an educational project must be innovative and stimulating, capable of involving the entire school community and the local community, and must form happy and complete children, with various and enriching activities. It is an Emotion School, and it implements specific projects with its students to develop socio-emotional skills, in which it works on aspects such as: self-knowledge, recognition of emotions, empathy, self-confidence, relationship with others, resilience and personal growth. [\/et_pb_text][\/et_pb_column][\/et_pb_row][et_pb_row column_structure=&#8221;1_2,1_2&#8243; use_custom_gutter=&#8221;on&#8221; gutter_width=&#8221;4&#8243; _builder_version=&#8221;4.19.0&#8243; _module_preset=&#8221;default&#8221; custom_margin=&#8221;0vh||||false|false&#8221; custom_padding=&#8221;0vh|2%||3%|false|false&#8221; global_colors_info=&#8221;{}&#8221;][et_pb_column type=&#8221;1_2&#8243; _builder_version=&#8221;4.18.0&#8243; _module_preset=&#8221;default&#8221; global_colors_info=&#8221;{}&#8221;][et_pb_text admin_label=&#8221;Title &#038; copy centered&#8221; _builder_version=&#8221;4.19.2&#8243; _module_preset=&#8221;default&#8221; header_2_font=&#8221;|||on|||||&#8221; header_2_text_align=&#8221;center&#8221; header_2_text_color=&#8221;#061523&#8243; header_2_font_size=&#8221;30px&#8221; header_3_font=&#8221;Heebo|700||on|||||&#8221; header_3_text_color=&#8221;#061523&#8243; header_3_font_size=&#8221;14px&#8221; header_4_font_size=&#8221;25px&#8221; custom_margin=&#8221;8vh||||false|false&#8221; custom_margin_tablet=&#8221;8vh||||false|false&#8221; custom_margin_phone=&#8221;2vh||||false|false&#8221; custom_margin_last_edited=&#8221;on|phone&#8221; global_colors_info=&#8221;{}&#8221;]<\/p>\n<h4>Educational Offer<\/h4>\n<p>At Col\u00e9gio da Fonte, we aim to educate children who are complete, fulfilled, guided by solid values, and involved in building a better future. We form conscientious and active citizens, with global competences to better adapt to the demands of a world in constant transformation.<\/p>\n<p>We receive and accompany children from Nursery to the end of Primary School, in a welcoming and familiar environment, giving priority to the following fundamental elements in the training of our students: learning to be, learning to know, learning to do, and learning to live together.[\/et_pb_text][\/et_pb_column][et_pb_column type=&#8221;1_2&#8243; _builder_version=&#8221;4.18.0&#8243; _module_preset=&#8221;default&#8221; global_colors_info=&#8221;{}&#8221;][et_pb_toggle title=&#8221;Nursery&#8221; open_toggle_text_color=&#8221;#000000&#8243; open_toggle_background_color=&#8221;#FFFFFF&#8221; closed_toggle_background_color=&#8221;#FFFFFF&#8221; icon_color=&#8221;#C62120&#8243; toggle_icon=&#8221;&#x32;||divi||400&#8243; use_icon_font_size=&#8221;on&#8221; icon_font_size=&#8221;24px&#8221; open_icon_color=&#8221;#C62120&#8243; open_toggle_icon=&#8221;&#x33;||divi||400&#8243; open_use_icon_font_size=&#8221;on&#8221; open_icon_font_size=&#8221;24px&#8221; admin_label=&#8221;Creche&#8221; _builder_version=&#8221;4.27.4&#8243; _module_preset=&#8221;default&#8221; title_text_color=&#8221;#000000&#8243; title_level=&#8221;h4&#8243; body_font_size=&#8221;15px&#8221; custom_margin=&#8221;8vh||25px||false|false&#8221; custom_margin_tablet=&#8221;8vh||25px||false|false&#8221; custom_margin_phone=&#8221;2vh||||false|false&#8221; custom_margin_last_edited=&#8221;on|phone&#8221; custom_padding=&#8221;20px|30px|10px|30px|false|false&#8221; custom_css_toggle_title=&#8221;margin-top: 20px;&#8221; border_width_all=&#8221;0px&#8221; border_width_top=&#8221;1px&#8221; border_color_top=&#8221;#061523&#8243; global_colors_info=&#8221;{}&#8221;]<\/p>\n<ul>\n<li><span>English<\/span><\/li>\n<li><span>Music<\/span><\/li>\n<li><span>Psychomotricity<\/span><\/li>\n<\/ul>\n<p>[\/et_pb_toggle][et_pb_toggle title=&#8221;Preschool&#8221; open_toggle_text_color=&#8221;#000000&#8243; open_toggle_background_color=&#8221;#FFFFFF&#8221; closed_toggle_background_color=&#8221;#FFFFFF&#8221; icon_color=&#8221;#C62120&#8243; toggle_icon=&#8221;&#x32;||divi||400&#8243; use_icon_font_size=&#8221;on&#8221; icon_font_size=&#8221;24px&#8221; open_icon_color=&#8221;#C62120&#8243; open_toggle_icon=&#8221;&#x33;||divi||400&#8243; open_use_icon_font_size=&#8221;on&#8221; open_icon_font_size=&#8221;24px&#8221; admin_label=&#8221;Pr\u00e9-Escolar&#8221; _builder_version=&#8221;4.27.4&#8243; _module_preset=&#8221;default&#8221; title_text_color=&#8221;#000000&#8243; title_level=&#8221;h4&#8243; body_font_size=&#8221;15px&#8221; custom_margin=&#8221;||25px||false|false&#8221; custom_padding=&#8221;20px|30px|10px|30px|false|false&#8221; custom_css_toggle_title=&#8221;margin-top: 20px;&#8221; border_width_all=&#8221;0px&#8221; border_width_top=&#8221;1px&#8221; border_color_top=&#8221;#061523&#8243; global_colors_info=&#8221;{}&#8221;]<\/p>\n<ul>\n<li>English<\/li>\n<li>Music<\/li>\n<li>Physical Education<\/li>\n<li>ICT<\/li>\n<li>Arts Workshop<\/li>\n<li>Dramatic Expression Workshop<\/li>\n<li>One Moment<\/li>\n<\/ul>\n<p>[\/et_pb_toggle][et_pb_toggle title=&#8221;Primary School&#8221; open_toggle_text_color=&#8221;#000000&#8243; open_toggle_background_color=&#8221;#FFFFFF&#8221; closed_toggle_background_color=&#8221;#FFFFFF&#8221; icon_color=&#8221;#C62120&#8243; toggle_icon=&#8221;&#x32;||divi||400&#8243; use_icon_font_size=&#8221;on&#8221; icon_font_size=&#8221;24px&#8221; open_icon_color=&#8221;#C62120&#8243; open_toggle_icon=&#8221;&#x33;||divi||400&#8243; open_use_icon_font_size=&#8221;on&#8221; open_icon_font_size=&#8221;24px&#8221; admin_label=&#8221;1\u00ba Ciclo&#8221; _builder_version=&#8221;4.27.4&#8243; _module_preset=&#8221;default&#8221; title_text_color=&#8221;#000000&#8243; title_level=&#8221;h4&#8243; body_font_size=&#8221;15px&#8221; custom_margin=&#8221;||25px||false|false&#8221; custom_padding=&#8221;20px|30px|10px|30px|false|false&#8221; custom_css_toggle_title=&#8221;margin-top: 20px;&#8221; border_width_all=&#8221;0px&#8221; border_width_top=&#8221;1px&#8221; border_color_top=&#8221;#061523&#8243; global_colors_info=&#8221;{}&#8221;]<\/p>\n<ul>\n<li>Portuguese<\/li>\n<li>Maths<\/li>\n<li>Science, history, Geography Studies<\/li>\n<li>English<\/li>\n<li>Physical Education<\/li>\n<li>Music and Instrument<\/li>\n<li>Dramatic Expression<\/li>\n<li>Plastic Expression<\/li>\n<li>Science, History and Geography Thematic Interdisciplinary Project (CLIL approach)<\/li>\n<li>Plastic Expression Thematic Interdisciplinary Project (CLIL approach)<\/li>\n<li>Science and Environment Workshops<\/li>\n<li>Citizenship and Development (relationship between the individual and the society)<\/li>\n<li>Study Time Support<\/li>\n<li>One Moment<\/li>\n<\/ul>\n<p>[\/et_pb_toggle][et_pb_toggle title=&#8221;Extracurricular Activities&#8221; open_toggle_text_color=&#8221;#000000&#8243; open_toggle_background_color=&#8221;#FFFFFF&#8221; closed_toggle_background_color=&#8221;#FFFFFF&#8221; icon_color=&#8221;#C62120&#8243; toggle_icon=&#8221;&#x32;||divi||400&#8243; use_icon_font_size=&#8221;on&#8221; icon_font_size=&#8221;24px&#8221; open_icon_color=&#8221;#C62120&#8243; open_toggle_icon=&#8221;&#x33;||divi||400&#8243; open_use_icon_font_size=&#8221;on&#8221; open_icon_font_size=&#8221;24px&#8221; admin_label=&#8221;Atividades Extracurriculares&#8221; _builder_version=&#8221;4.27.4&#8243; _module_preset=&#8221;default&#8221; title_text_color=&#8221;#000000&#8243; title_level=&#8221;h4&#8243; body_font_size=&#8221;15px&#8221; custom_margin=&#8221;||25px||false|false&#8221; custom_padding=&#8221;20px|30px|10px|30px|false|false&#8221; hover_enabled=&#8221;0&#8243; custom_css_toggle_title=&#8221;margin-top: 20px;&#8221; border_width_all=&#8221;0px&#8221; border_width_top=&#8221;1px&#8221; border_color_top=&#8221;#061523&#8243; global_colors_info=&#8221;{}&#8221; sticky_enabled=&#8221;0&#8243;]<\/p>\n<ul>\n<li>Piano<\/li>\n<li>Classic Guitar<\/li>\n<li>Violin<\/li>\n<li>Judo<\/li>\n<li>Swimming<\/li>\n<li>Yoga<\/li>\n<li>Football<\/li>\n<li>Mini Tennis<\/li>\n<li>Padel<\/li>\n<li>Ballet<\/li>\n<li>Hip Hop<\/li>\n<li>Creative Dance<\/li>\n<li>The Inventors<\/li>\n<li>Skills<\/li>\n<li>FunTime<\/li>\n<\/ul>\n<p>[\/et_pb_toggle][\/et_pb_column][\/et_pb_row][\/et_pb_section][et_pb_section fb_built=&#8221;1&#8243; custom_padding_last_edited=&#8221;on|phone&#8221; admin_label=&#8221;Video &#038; testemunho em destaque&#8221; _builder_version=&#8221;4.19.0&#8243; _module_preset=&#8221;default&#8221; background_color=&#8221;#39a3c8&#8243; width=&#8221;100%&#8221; max_width=&#8221;100%&#8221; max_height=&#8221;480px&#8221; custom_margin=&#8221;||||false|false&#8221; custom_margin_tablet=&#8221;||||false|false&#8221; custom_margin_phone=&#8221;||5vh||false|false&#8221; custom_margin_last_edited=&#8221;on|desktop&#8221; custom_padding=&#8221;0px||0px||false|false&#8221; custom_padding_tablet=&#8221;0px||0px||false|false&#8221; custom_padding_phone=&#8221;0px||0px||false|false&#8221; global_colors_info=&#8221;{}&#8221;][et_pb_row column_structure=&#8221;2_5,3_5&#8243; _builder_version=&#8221;4.19.0&#8243; _module_preset=&#8221;default&#8221; width_tablet=&#8221;&#8221; width_phone=&#8221;100%&#8221; width_last_edited=&#8221;on|phone&#8221; custom_margin=&#8221;0px||0px||false|false&#8221; custom_padding=&#8221;1px||1px||false|false&#8221; global_colors_info=&#8221;{}&#8221;][et_pb_column type=&#8221;2_5&#8243; _builder_version=&#8221;4.16&#8243; _module_preset=&#8221;default&#8221; custom_padding_tablet=&#8221;&#8221; custom_padding_phone=&#8221;|10%||10%|false|false&#8221; custom_padding_last_edited=&#8221;on|phone&#8221; global_colors_info=&#8221;{}&#8221;][et_pb_testimonial author=&#8221;- Carolina Barosa&#8221; job_title=&#8221;General and Pedagogical Director&#8221; quote_icon=&#8221;off&#8221; author_last_edited=&#8221;off|desktop&#8221; _builder_version=&#8221;4.27.0&#8243; _module_preset=&#8221;default&#8221; body_font=&#8221;|300|||||||&#8221; body_text_align=&#8221;right&#8221; body_text_color=&#8221;#ffffff&#8221; body_font_size=&#8221;22px&#8221; author_font=&#8221;|600|||||||&#8221; author_text_color=&#8221;#ffffff&#8221; author_font_size=&#8221;12px&#8221; position_font=&#8221;|300|||||||&#8221; position_text_color=&#8221;#ffffff&#8221; position_font_size=&#8221;13px&#8221; body_quote_font=&#8221;|300|on||||||&#8221; body_quote_font_size=&#8221;28px&#8221; background_enable_color=&#8221;off&#8221; use_background_color=&#8221;off&#8221; custom_padding=&#8221;60px||||false|false&#8221; global_colors_info=&#8221;{}&#8221;]<\/p>\n<h3 style=\"text-align: left; font-size: 20px; font-family: 'Bungee'; color: #fff;\">To Be Fonte<\/h3>\n<p style=\"text-align: left;\">\u201cWe believe that a child who is emotionally regulated is more ready to learn.\u201d<\/p>\n<p>[\/et_pb_testimonial][\/et_pb_column][et_pb_column type=&#8221;3_5&#8243; _builder_version=&#8221;4.16&#8243; _module_preset=&#8221;default&#8221; custom_padding_tablet=&#8221;&#8221; custom_padding_phone=&#8221;||||false|false&#8221; custom_padding_last_edited=&#8221;on|phone&#8221; global_colors_info=&#8221;{}&#8221;][et_pb_video src=&#8221;https:\/\/www.youtube.com\/watch?v=UbAmcE7ypcI&#8221; image_src=&#8221;\/\/i.ytimg.com\/vi\/UbAmcE7ypcI\/hqdefault.jpg&#8221; _builder_version=&#8221;4.27.0&#8243; _module_preset=&#8221;default&#8221; width_tablet=&#8221;&#8221; width_phone=&#8221;100%&#8221; width_last_edited=&#8221;on|phone&#8221; module_alignment=&#8221;right&#8221; max_height=&#8221;440px&#8221; custom_margin=&#8221;||||false|false&#8221; custom_padding=&#8221;|0px|||false|false&#8221; global_colors_info=&#8221;{}&#8221;][\/et_pb_video][\/et_pb_column][\/et_pb_row][\/et_pb_section][et_pb_section fb_built=&#8221;1&#8243; _builder_version=&#8221;4.19.0&#8243; _module_preset=&#8221;default&#8221; custom_margin_tablet=&#8221;&#8221; custom_margin_phone=&#8221;20vh||||false|false&#8221; custom_margin_last_edited=&#8221;on|phone&#8221; global_colors_info=&#8221;{}&#8221;][et_pb_row column_structure=&#8221;2_5,3_5&#8243; _builder_version=&#8221;4.19.0&#8243; _module_preset=&#8221;default&#8221; custom_padding=&#8221;0px|0px|0px|0px|true|true&#8221; border_radii=&#8221;on|5px|5px|5px|5px&#8221; box_shadow_style=&#8221;preset1&#8243; box_shadow_blur=&#8221;15px&#8221; box_shadow_color=&#8221;rgba(0,0,0,0.1)&#8221; global_colors_info=&#8221;{}&#8221;][et_pb_column type=&#8221;2_5&#8243; _builder_version=&#8221;4.19.0&#8243; _module_preset=&#8221;default&#8221; global_colors_info=&#8221;{}&#8221;][et_pb_image src=&#8221;https:\/\/projecttobe.com\/wp-content\/uploads\/2022\/11\/Asset-4FONTE_BLUBLACK-website.png&#8221; title_text=&#8221;Asset-4FONTE_BLUBLACK-website&#8221; _builder_version=&#8221;4.19.0&#8243; _module_preset=&#8221;default&#8221; width=&#8221;250px&#8221; width_tablet=&#8221;250px&#8221; width_phone=&#8221;&#8221; width_last_edited=&#8221;on|phone&#8221; max_width=&#8221;225px&#8221; custom_margin_tablet=&#8221;&#8221; custom_margin_phone=&#8221;&#8221; custom_margin_last_edited=&#8221;on|phone&#8221; custom_padding=&#8221;50px||20px|50px|false|false&#8221; custom_padding_tablet=&#8221;50px||20px|50px|false|false&#8221; custom_padding_phone=&#8221;25px|||25px|false|false&#8221; custom_padding_last_edited=&#8221;on|phone&#8221; global_colors_info=&#8221;{}&#8221;][\/et_pb_image][et_pb_text _builder_version=&#8221;4.19.0&#8243; _module_preset=&#8221;default&#8221; text_text_color=&#8221;#777777&#8243; text_font_size=&#8221;16px&#8221; link_text_color=&#8221;#061523&#8243; custom_padding=&#8221;|||50px|false|false&#8221; custom_padding_tablet=&#8221;|||50px|false|false&#8221; custom_padding_phone=&#8221;|25px||25px|false|false&#8221; custom_padding_last_edited=&#8221;on|phone&#8221; text_font_size_tablet=&#8221;16px&#8221; text_font_size_phone=&#8221;14px&#8221; text_font_size_last_edited=&#8221;on|desktop&#8221; global_colors_info=&#8221;{}&#8221; link_text_color__hover_enabled=&#8221;on|desktop&#8221; link_text_color__hover=&#8221;#1D70B7&#8243;]<\/p>\n<p>Rua da Juventude, 2<br \/>2740-079 Porto Salvo,<br \/>OEIRAS<\/p>\n<p>(+351) 214 235 310<\/p>\n<p><a href=\"mailto:geral@colegiodafonte.pt\">geral@colegiodafonte.pt<\/a><\/p>\n<p>[\/et_pb_text][et_pb_button button_url=&#8221;https:\/\/colegiodafonte.pt\/&#8221; url_new_window=&#8221;on&#8221; button_text=&#8221;Visit website&#8221; button_alignment=&#8221;left&#8221; admin_label=&#8221;Ver mais button&#8221; module_id=&#8221;ver-mais-btn&#8221; _builder_version=&#8221;4.19.0&#8243; _module_preset=&#8221;default&#8221; custom_button=&#8221;on&#8221; button_text_size=&#8221;14px&#8221; button_text_color=&#8221;#000000&#8243; button_bg_color=&#8221;RGBA(255,255,255,0)&#8221; button_border_width=&#8221;0px&#8221; button_letter_spacing=&#8221;0px&#8221; button_font=&#8221;|600|||||||&#8221; button_icon=&#8221;&#xe046;||divi||400&#8243; button_icon_color=&#8221;#C62120&#8243; button_on_hover=&#8221;off&#8221; custom_padding=&#8221;2vh||50px|50px|false|false&#8221; custom_padding_tablet=&#8221;2vh||50px|50px|false|false&#8221; custom_padding_phone=&#8221;||25px|25px|false|false&#8221; custom_padding_last_edited=&#8221;on|phone&#8221; global_colors_info=&#8221;{}&#8221; button_icon_color__hover_enabled=&#8221;on|hover&#8221; button_icon_color__hover=&#8221;#e02323&#8243;][\/et_pb_button][\/et_pb_column][et_pb_column type=&#8221;3_5&#8243; _builder_version=&#8221;4.19.0&#8243; _module_preset=&#8221;default&#8221; global_colors_info=&#8221;{}&#8221;][et_pb_code _builder_version=&#8221;4.22.2&#8243; _module_preset=&#8221;default&#8221; global_colors_info=&#8221;{}&#8221;]<iframe src=\"https:\/\/www.google.com\/maps\/embed?pb=!1m18!1m12!1m3!1d3113.053905339704!2d-9.301285023622746!3d38.716571357352734!2m3!1f0!2f0!3f0!3m2!1i1024!2i768!4f13.1!3m3!1m2!1s0xd1ecebf33b8159f%3A0x61251c1dc3b9288d!2sCol%C3%A9gio%20da%20Fonte!5e0!3m2!1sen!2spt!4v1695657272367!5m2!1sen!2spt\" width=\"100%\" height=\"450\" style=\"border:0;\" allowfullscreen=\"\" loading=\"lazy\" referrerpolicy=\"no-referrer-when-downgrade\"><\/iframe>[\/et_pb_code][\/et_pb_column][\/et_pb_row][\/et_pb_section][et_pb_section fb_built=&#8221;1&#8243; disabled_on=&#8221;off|off|off&#8221; admin_label=&#8221;CTA Blurbs Section&#8221; _builder_version=&#8221;4.19.2&#8243; custom_padding=&#8221;40px||60px||false|false&#8221; global_module=&#8221;2326&#8243; saved_tabs=&#8221;all&#8221; collapsed=&#8221;off&#8221; global_colors_info=&#8221;{}&#8221;][et_pb_row column_structure=&#8221;1_2,1_2&#8243; use_custom_gutter=&#8221;on&#8221; gutter_width=&#8221;2&#8243; admin_label=&#8221;CTA Blurbs Row&#8221; module_id=&#8221;cta-blurbs&#8221; _builder_version=&#8221;4.18.0&#8243; _module_preset=&#8221;default&#8221; collapsed=&#8221;off&#8221; global_colors_info=&#8221;{}&#8221;][et_pb_column type=&#8221;1_2&#8243; _builder_version=&#8221;4.18.0&#8243; _module_preset=&#8221;default&#8221; global_colors_info=&#8221;{}&#8221;][et_pb_blurb title=&#8221;Talk to us&#8221; _builder_version=&#8221;4.19.2&#8243; _dynamic_attributes=&#8221;link_option_url&#8221; _module_preset=&#8221;default&#8221; header_level=&#8221;h3&#8243; header_text_align=&#8221;left&#8221; header_text_color=&#8221;#061523&#8243; header_font_size=&#8221;30px&#8221; body_text_color=&#8221;#061523&#8243; background_color=&#8221;#F8AC00&#8243; min_height=&#8221;388px&#8221; custom_margin=&#8221;0px||||false|false&#8221; custom_padding=&#8221;70px|15%|30px|15%|false|false&#8221; link_option_url=&#8221;@ET-DC@eyJkeW5hbWljIjp0cnVlLCJjb250ZW50IjoicG9zdF9saW5rX3VybF9wYWdlIiwic2V0dGluZ3MiOnsicG9zdF9pZCI6IjE0NDYifX0=@&#8221; global_colors_info=&#8221;{}&#8221; background__hover_enabled=&#8221;on|hover&#8221; background_color__hover=&#8221;rgba(248,172,0,0.85)&#8221; background_enable_color__hover=&#8221;on&#8221;]<\/p>\n<p>Find out about our project. For more information and additional queries please do not hesitate to contact us.<\/p>\n<p><a class=\"read-more\" href=\"#\">Contacts<\/a><\/p>\n<p>[\/et_pb_blurb][\/et_pb_column][et_pb_column type=&#8221;1_2&#8243; _builder_version=&#8221;4.18.0&#8243; _module_preset=&#8221;default&#8221; global_colors_info=&#8221;{}&#8221;][et_pb_blurb title=&#8221;Know our Schools&#8221; module_class=&#8221;cta-light&#8221; _builder_version=&#8221;4.27.2&#8243; _dynamic_attributes=&#8221;link_option_url&#8221; _module_preset=&#8221;default&#8221; header_level=&#8221;h3&#8243; header_text_align=&#8221;center&#8221; header_text_color=&#8221;#FFFFFF&#8221; header_font_size=&#8221;30px&#8221; body_text_align=&#8221;center&#8221; body_text_color=&#8221;#FFFFFF&#8221; background_color=&#8221;#1D70B7&#8243; text_orientation=&#8221;center&#8221; custom_margin=&#8221;0px||||false|false&#8221; custom_padding=&#8221;40px|15%|40px|15%|false|false&#8221; link_option_url=&#8221;@ET-DC@eyJkeW5hbWljIjp0cnVlLCJjb250ZW50IjoicG9zdF9saW5rX3VybF9wYWdlIiwic2V0dGluZ3MiOnsicG9zdF9pZCI6IjE0MDIifX0=@&#8221; global_colors_info=&#8221;{}&#8221; background__hover_enabled=&#8221;on|hover&#8221; background_color__hover=&#8221;#1b67a9&#8243; background_enable_color__hover=&#8221;on&#8221;]<\/p>\n<p><a class=\"read-more\" href=\"https:\/\/projecttobe.com\/en\/pre-registration-step-1\/\">Pre-enrollment<\/a><\/p>\n<p>[\/et_pb_blurb][et_pb_blurb title=&#8221;Join this project&#8221; module_class=&#8221;cta-light&#8221; _builder_version=&#8221;4.27.2&#8243; _dynamic_attributes=&#8221;link_option_url&#8221; _module_preset=&#8221;default&#8221; header_level=&#8221;h3&#8243; header_text_align=&#8221;center&#8221; header_text_color=&#8221;#FFFFFF&#8221; header_font_size=&#8221;30px&#8221; body_text_align=&#8221;center&#8221; body_text_color=&#8221;#FFFFFF&#8221; background_color=&#8221;#C62120&#8243; text_orientation=&#8221;center&#8221; custom_margin=&#8221;30px||||false|false&#8221; custom_padding=&#8221;40px|15%|40px|15%|false|false&#8221; link_option_url=&#8221;@ET-DC@eyJkeW5hbWljIjp0cnVlLCJjb250ZW50IjoicG9zdF9saW5rX3VybF9wYWdlIiwic2V0dGluZ3MiOnsicG9zdF9pZCI6IjE0NjIifX0=@&#8221; global_colors_info=&#8221;{}&#8221; background__hover_enabled=&#8221;on|hover&#8221; background_color__hover=&#8221;#b82221&#8243; background_enable_color__hover=&#8221;on&#8221;]<a class=\"read-more\" href=\"https:\/\/projecttobe.com\/en\/application\/\">Application<\/a>[\/et_pb_blurb][\/et_pb_column][\/et_pb_row][\/et_pb_section]<\/p>\n","protected":false},"excerpt":{"rendered":"<p>Col\u00e9gio da Fonte &#8211; Emotion School WE ARE MOTIVATED TO BUILD A BETTER WORLDCol\u00e9gio da Fonte is situated in Porto Salvo, Oeiras. Its educational offer comprises children from Nursery to Primary School. It educates empathic, resilient and entrepreneurial children. It teaches conscientious and active citizens, with global skills to better adapt to the demands of [&hellip;]<\/p>\n","protected":false},"author":2,"featured_media":0,"parent":2127,"menu_order":0,"comment_status":"closed","ping_status":"closed","template":"","meta":{"_acf_changed":false,"_et_pb_use_builder":"on","_et_pb_old_content":"","_et_gb_content_width":"","footnotes":""},"class_list":["post-2148","page","type-page","status-publish","hentry"],"acf":[],"yoast_head":"<!-- This site is optimized with the Yoast SEO plugin v26.8 - https:\/\/yoast.com\/product\/yoast-seo-wordpress\/ -->\n<title>Col\u00e9gio da Fonte - Project To Be<\/title>\n<meta name=\"robots\" content=\"index, follow, max-snippet:-1, max-image-preview:large, max-video-preview:-1\" \/>\n<link rel=\"canonical\" href=\"https:\/\/projecttobe.com\/en\/our-schools\/colegio-da-fonte\/\" \/>\n<meta property=\"og:locale\" content=\"en_US\" \/>\n<meta property=\"og:type\" content=\"article\" \/>\n<meta property=\"og:title\" content=\"Col\u00e9gio da Fonte - Project To Be\" \/>\n<meta property=\"og:description\" content=\"Col\u00e9gio da Fonte - Emotion School WE ARE MOTIVATED TO BUILD A BETTER WORLDCol\u00e9gio da Fonte is situated in Porto Salvo, Oeiras. Its educational offer comprises children from Nursery to Primary School. It educates empathic, resilient and entrepreneurial children. It teaches conscientious and active citizens, with global skills to better adapt to the demands of [&hellip;]\" \/>\n<meta property=\"og:site_name\" content=\"Project To Be\" \/>\n<meta property=\"article:publisher\" content=\"https:\/\/www.facebook.com\/ProjectToBe\/?locale=pt_PT\" \/>\n<meta property=\"article:modified_time\" content=\"2025-11-27T11:45:47+00:00\" \/>\n<meta name=\"twitter:card\" content=\"summary_large_image\" \/>\n<meta name=\"twitter:label1\" content=\"Est. reading time\" \/>\n\t<meta name=\"twitter:data1\" content=\"16 minutes\" \/>\n<script type=\"application\/ld+json\" class=\"yoast-schema-graph\">{\"@context\":\"https:\/\/schema.org\",\"@graph\":[{\"@type\":\"WebPage\",\"@id\":\"https:\/\/projecttobe.com\/en\/our-schools\/colegio-da-fonte\/\",\"url\":\"https:\/\/projecttobe.com\/en\/our-schools\/colegio-da-fonte\/\",\"name\":\"Col\u00e9gio da Fonte - Project To Be\",\"isPartOf\":{\"@id\":\"https:\/\/projecttobe.com\/#website\"},\"datePublished\":\"2022-11-10T16:02:50+00:00\",\"dateModified\":\"2025-11-27T11:45:47+00:00\",\"breadcrumb\":{\"@id\":\"https:\/\/projecttobe.com\/en\/our-schools\/colegio-da-fonte\/#breadcrumb\"},\"inLanguage\":\"en-US\",\"potentialAction\":[{\"@type\":\"ReadAction\",\"target\":[\"https:\/\/projecttobe.com\/en\/our-schools\/colegio-da-fonte\/\"]}]},{\"@type\":\"BreadcrumbList\",\"@id\":\"https:\/\/projecttobe.com\/en\/our-schools\/colegio-da-fonte\/#breadcrumb\",\"itemListElement\":[{\"@type\":\"ListItem\",\"position\":1,\"name\":\"In\u00edcio\",\"item\":\"https:\/\/projecttobe.com\/en\/home-2\/\"},{\"@type\":\"ListItem\",\"position\":2,\"name\":\"To Be Schools\",\"item\":\"https:\/\/projecttobe.com\/en\/our-schools\/\"},{\"@type\":\"ListItem\",\"position\":3,\"name\":\"Col\u00e9gio da Fonte\"}]},{\"@type\":\"WebSite\",\"@id\":\"https:\/\/projecttobe.com\/#website\",\"url\":\"https:\/\/projecttobe.com\/\",\"name\":\"Project To Be\",\"description\":\"Grow for the World\",\"publisher\":{\"@id\":\"https:\/\/projecttobe.com\/#organization\"},\"potentialAction\":[{\"@type\":\"SearchAction\",\"target\":{\"@type\":\"EntryPoint\",\"urlTemplate\":\"https:\/\/projecttobe.com\/?s={search_term_string}\"},\"query-input\":{\"@type\":\"PropertyValueSpecification\",\"valueRequired\":true,\"valueName\":\"search_term_string\"}}],\"inLanguage\":\"en-US\"},{\"@type\":\"Organization\",\"@id\":\"https:\/\/projecttobe.com\/#organization\",\"name\":\"Project To Be\",\"url\":\"https:\/\/projecttobe.com\/\",\"logo\":{\"@type\":\"ImageObject\",\"inLanguage\":\"en-US\",\"@id\":\"https:\/\/projecttobe.com\/#\/schema\/logo\/image\/\",\"url\":\"https:\/\/projecttobe.com\/wp-content\/uploads\/2022\/09\/ProjectToBe_Logo.svg\",\"contentUrl\":\"https:\/\/projecttobe.com\/wp-content\/uploads\/2022\/09\/ProjectToBe_Logo.svg\",\"width\":237,\"height\":150,\"caption\":\"Project To Be\"},\"image\":{\"@id\":\"https:\/\/projecttobe.com\/#\/schema\/logo\/image\/\"},\"sameAs\":[\"https:\/\/www.facebook.com\/ProjectToBe\/?locale=pt_PT\",\"https:\/\/www.instagram.com\/project_to_be\/\"]}]}<\/script>\n<!-- \/ Yoast SEO plugin. -->","yoast_head_json":{"title":"Col\u00e9gio da Fonte - Project To Be","robots":{"index":"index","follow":"follow","max-snippet":"max-snippet:-1","max-image-preview":"max-image-preview:large","max-video-preview":"max-video-preview:-1"},"canonical":"https:\/\/projecttobe.com\/en\/our-schools\/colegio-da-fonte\/","og_locale":"en_US","og_type":"article","og_title":"Col\u00e9gio da Fonte - Project To Be","og_description":"Col\u00e9gio da Fonte - Emotion School WE ARE MOTIVATED TO BUILD A BETTER WORLDCol\u00e9gio da Fonte is situated in Porto Salvo, Oeiras. Its educational offer comprises children from Nursery to Primary School. It educates empathic, resilient and entrepreneurial children. It teaches conscientious and active citizens, with global skills to better adapt to the demands of [&hellip;]","og_site_name":"Project To Be","article_publisher":"https:\/\/www.facebook.com\/ProjectToBe\/?locale=pt_PT","article_modified_time":"2025-11-27T11:45:47+00:00","twitter_card":"summary_large_image","twitter_misc":{"Est. reading time":"16 minutes"},"schema":{"@context":"https:\/\/schema.org","@graph":[{"@type":"WebPage","@id":"https:\/\/projecttobe.com\/en\/our-schools\/colegio-da-fonte\/","url":"https:\/\/projecttobe.com\/en\/our-schools\/colegio-da-fonte\/","name":"Col\u00e9gio da Fonte - Project To Be","isPartOf":{"@id":"https:\/\/projecttobe.com\/#website"},"datePublished":"2022-11-10T16:02:50+00:00","dateModified":"2025-11-27T11:45:47+00:00","breadcrumb":{"@id":"https:\/\/projecttobe.com\/en\/our-schools\/colegio-da-fonte\/#breadcrumb"},"inLanguage":"en-US","potentialAction":[{"@type":"ReadAction","target":["https:\/\/projecttobe.com\/en\/our-schools\/colegio-da-fonte\/"]}]},{"@type":"BreadcrumbList","@id":"https:\/\/projecttobe.com\/en\/our-schools\/colegio-da-fonte\/#breadcrumb","itemListElement":[{"@type":"ListItem","position":1,"name":"In\u00edcio","item":"https:\/\/projecttobe.com\/en\/home-2\/"},{"@type":"ListItem","position":2,"name":"To Be Schools","item":"https:\/\/projecttobe.com\/en\/our-schools\/"},{"@type":"ListItem","position":3,"name":"Col\u00e9gio da Fonte"}]},{"@type":"WebSite","@id":"https:\/\/projecttobe.com\/#website","url":"https:\/\/projecttobe.com\/","name":"Project To Be","description":"Grow for the World","publisher":{"@id":"https:\/\/projecttobe.com\/#organization"},"potentialAction":[{"@type":"SearchAction","target":{"@type":"EntryPoint","urlTemplate":"https:\/\/projecttobe.com\/?s={search_term_string}"},"query-input":{"@type":"PropertyValueSpecification","valueRequired":true,"valueName":"search_term_string"}}],"inLanguage":"en-US"},{"@type":"Organization","@id":"https:\/\/projecttobe.com\/#organization","name":"Project To Be","url":"https:\/\/projecttobe.com\/","logo":{"@type":"ImageObject","inLanguage":"en-US","@id":"https:\/\/projecttobe.com\/#\/schema\/logo\/image\/","url":"https:\/\/projecttobe.com\/wp-content\/uploads\/2022\/09\/ProjectToBe_Logo.svg","contentUrl":"https:\/\/projecttobe.com\/wp-content\/uploads\/2022\/09\/ProjectToBe_Logo.svg","width":237,"height":150,"caption":"Project To Be"},"image":{"@id":"https:\/\/projecttobe.com\/#\/schema\/logo\/image\/"},"sameAs":["https:\/\/www.facebook.com\/ProjectToBe\/?locale=pt_PT","https:\/\/www.instagram.com\/project_to_be\/"]}]}},"_links":{"self":[{"href":"https:\/\/projecttobe.com\/en\/wp-json\/wp\/v2\/pages\/2148","targetHints":{"allow":["GET"]}}],"collection":[{"href":"https:\/\/projecttobe.com\/en\/wp-json\/wp\/v2\/pages"}],"about":[{"href":"https:\/\/projecttobe.com\/en\/wp-json\/wp\/v2\/types\/page"}],"author":[{"embeddable":true,"href":"https:\/\/projecttobe.com\/en\/wp-json\/wp\/v2\/users\/2"}],"replies":[{"embeddable":true,"href":"https:\/\/projecttobe.com\/en\/wp-json\/wp\/v2\/comments?post=2148"}],"version-history":[{"count":29,"href":"https:\/\/projecttobe.com\/en\/wp-json\/wp\/v2\/pages\/2148\/revisions"}],"predecessor-version":[{"id":15010,"href":"https:\/\/projecttobe.com\/en\/wp-json\/wp\/v2\/pages\/2148\/revisions\/15010"}],"up":[{"embeddable":true,"href":"https:\/\/projecttobe.com\/en\/wp-json\/wp\/v2\/pages\/2127"}],"wp:attachment":[{"href":"https:\/\/projecttobe.com\/en\/wp-json\/wp\/v2\/media?parent=2148"}],"curies":[{"name":"wp","href":"https:\/\/api.w.org\/{rel}","templated":true}]}}